{"id":2589,"date":"2017-10-23T10:41:40","date_gmt":"2017-10-23T08:41:40","guid":{"rendered":"\/\/www.villaalme.it\/portfolio-item\/venetien-erkunden\/"},"modified":"2017-12-15T11:38:51","modified_gmt":"2017-12-15T10:38:51","slug":"venetien-erkunden","status":"publish","type":"portfolio","link":"https:\/\/www.villaalme.it\/de\/portfolio-item\/venetien-erkunden\/","title":{"rendered":"Venetien erkunden"},"content":{"rendered":"<div id='av-layout-grid-1'  class='av-layout-grid-container entry-content-wrapper main_color av-flex-cells     avia-builder-el-0  el_before_av_submenu  avia-builder-el-first  container_wrap sidebar_right' style=' '  >\n<div class=\"flex_cell no_margin av_one_half  avia-builder-el-1  el_before_av_cell_one_half  avia-builder-el-first   \" style='vertical-align:middle; padding:30px; background-color:#f8f0d9; '><div class='flex_cell_inner' >\n<\/div><\/div><div class=\"flex_cell no_margin av_one_half  avia-builder-el-3  el_after_av_cell_one_half  avia-builder-el-last   \" style='vertical-align:middle; padding:30px; background-color:#f8f0d9; '><div class='flex_cell_inner' ><section class=\"av_textblock_section \"  itemscope=\"itemscope\" itemtype=\"https:\/\/schema.org\/CreativeWork\" ><div class='avia_textblock  '   itemprop=\"text\" ><p>Wenn man dann von den Radtouren zu Ausfl\u00fcgen mit dem Auto \u00fcbergeht, erreicht man in wenigen Minuten Orte mit unber\u00fchrtem Charme, St\u00e4dte, Kleinst\u00e4dte und D\u00f6rfer, die dem aufmerksamen Besucher viel zu bieten haben. Oderzo, Treviso, Castelfranco Veneto, die Stadt Venedig mit ihren Inseln Murano, Burano\u00a0 und Tocello und Caorle, Jesolo, Padua, Vicenza, Verona\u2026 dies und noch viel mehr kann ihnen ein Aufenthalt in der Villa Alm\u00e8 bieten. Eine Region mit au\u00dferordentlichen Eigenarten und einer jahrtausendealten Geschichte, die vielseitig und irgendwie anders ist. Hier warten Architektur, Kunst und die uralten Geschehnisse vieler St\u00e4dte, Ortschaften und D\u00f6rfer sowie ein Naturbestand mit tausend Dimensionen, Sandstr\u00e4nde, gr\u00fcne Oasen und sanfte H\u00fcgel bis hin zu den Gipfeln der Dolomiten, die die Unesco k\u00fcrzlich zum Weltkulturerbe erkl\u00e4rt hat, auf Sie.<\/p>\n<\/div><\/section>\n<\/div><\/div>\n<\/div>\n<div class='clear'><\/div><div id='sub_menu1'  class='av-submenu-container main_color  avia-builder-el-5  el_after_av_layout_row  el_before_av_layout_row  av-sticky-submenu av-switch-768 submenu-not-first container_wrap sidebar_right' style='  z-index:301' ><div class='container av-menu-mobile-active av-submenu-hidden'><a href='#' class='mobile_menu_toggle' aria-hidden='true' data-av_icon='\ue8a5' data-av_iconfont='entypo-fontello'><span class='av-current-placeholder'>Men\u00fc<\/span><\/a><ul id='av-custom-submenu-1' class='av-subnav-menu av-submenu-pos-center'>\n<li class='menu-item menu-item-top-level  menu-item-top-level-1'><a href='\/\/www.villaalme.it\/de\/portfolio-item\/die-familie\/' ><span class='avia-bullet'><\/span><span class='avia-menu-text'>Die Familie<\/span><\/a><\/li>\n<li class='menu-item menu-item-top-level  menu-item-top-level-2'><a href='\/?p=869' ><span class='avia-bullet'><\/span><span class='avia-menu-text'>Mansu\u00e9 und Umgebung<\/span><\/a><\/li>\n<li class='menu-item menu-item-top-level  menu-item-top-level-3'><a href='\/\/www.villaalme.it\/de\/portfolio-item\/inmitten-der-natur\/' ><span class='avia-bullet'><\/span><span class='avia-menu-text'>Inmitten der Natur<\/span><\/a><\/li>\n<li class='menu-item menu-item-top-level  menu-item-top-level-4'><a href='\/\/www.villaalme.it\/de\/portfolio-item\/venetien-erkunden\/' ><span class='avia-bullet'><\/span><span class='avia-menu-text'>Venetien erkunden<\/span><\/a><\/li>\n<\/ul><\/div><\/div><div class='sticky_placeholder'><\/div>\n<div id='av-layout-grid-2'  class='av-layout-grid-container entry-content-wrapper main_color av-flex-cells     avia-builder-el-6  el_after_av_submenu  avia-builder-el-last  submenu-not-first container_wrap sidebar_right' style=' '  >\n<div class=\"flex_cell no_margin av_one_full  avia-builder-el-7  avia-builder-el-no-sibling   \" style='vertical-align:middle; '><div class='flex_cell_inner' ><div id='av-masonry-1' class='av-masonry  noHover av-fixed-size av-large-gap av-hover-overlay- av-masonry-animation-active av-masonry-col-3 av-caption-on-hover av-caption-style-overlay av-masonry-gallery     '  ><div class='av-masonry-container isotope av-js-disabled ' ><div class='av-masonry-entry isotope-item av-masonry-item-no-image '><\/div><a href=\"https:\/\/www.villaalme.it\/wp-content\/uploads\/2016\/06\/Schermata-2016-12-12-alle-20.45.46-1030x686.png\" id='av-masonry-1-item-2598' data-av-masonry-item='2598' class='av-masonry-entry isotope-item post-2598 attachment type-attachment status-inherit hentry  av-masonry-item-with-image' title=\"schermata-2016-12-12-alle-20-45-46\"  itemprop=\"thumbnailUrl\" ><div class='av-inner-masonry-sizer'><\/div><figure class='av-inner-masonry main_color'><div class=\"av-masonry-outerimage-container\"><div class=\"av-masonry-image-container\" style=\"background-image: url(https:\/\/www.villaalme.it\/wp-content\/uploads\/2016\/06\/Schermata-2016-12-12-alle-20.45.46-705x469.png);\" title=\"schermata-2016-12-12-alle-20-45-46\" ><\/div><\/div><figcaption class='av-inner-masonry-content site-background'><div class='av-inner-masonry-content-pos'><div class='av-inner-masonry-content-pos-content'><div class='avia-arrow'><\/div><div class='av-masonry-entry-content entry-content'  itemprop=\"text\" >Prato della Valle (Pd) a 90 km<\/div><\/div><\/div><\/figcaption><\/figure><\/a><!--end av-masonry entry--><a href=\"https:\/\/www.villaalme.it\/wp-content\/uploads\/2016\/06\/Schermata-2016-12-12-alle-20.33.38-1030x644.png\" id='av-masonry-1-item-2593' data-av-masonry-item='2593' class='av-masonry-entry isotope-item post-2593 attachment type-attachment status-inherit hentry  av-masonry-item-with-image' title=\"schermata-2016-12-12-alle-20-33-38\"  itemprop=\"thumbnailUrl\" ><div class='av-inner-masonry-sizer'><\/div><figure class='av-inner-masonry main_color'><div class=\"av-masonry-outerimage-container\"><div class=\"av-masonry-image-container\" style=\"background-image: url(https:\/\/www.villaalme.it\/wp-content\/uploads\/2016\/06\/Schermata-2016-12-12-alle-20.33.38-705x441.png);\" title=\"schermata-2016-12-12-alle-20-33-38\" ><\/div><\/div><figcaption class='av-inner-masonry-content site-background'><div class='av-inner-masonry-content-pos'><div class='av-inner-masonry-content-pos-content'><div class='avia-arrow'><\/div><div class='av-masonry-entry-content entry-content'  itemprop=\"text\" >Piazza Bra, Arena di Verona a 170 km<\/div><\/div><\/div><\/figcaption><\/figure><\/a><!--end av-masonry entry--><a href=\"https:\/\/www.villaalme.it\/wp-content\/uploads\/2016\/05\/burano-1030x687.jpg\" id='av-masonry-1-item-2954' data-av-masonry-item='2954' class='av-masonry-entry isotope-item post-2954 attachment type-attachment status-inherit hentry  av-masonry-item-with-image' title=\"burano\"  itemprop=\"thumbnailUrl\" ><div class='av-inner-masonry-sizer'><\/div><figure class='av-inner-masonry main_color'><div class=\"av-masonry-outerimage-container\"><div class=\"av-masonry-image-container\" style=\"background-image: url(https:\/\/www.villaalme.it\/wp-content\/uploads\/2016\/05\/burano-705x470.jpg);\" title=\"burano\" ><\/div><\/div><figcaption class='av-inner-masonry-content site-background'><div class='av-inner-masonry-content-pos'><div class='av-inner-masonry-content-pos-content'><div class='avia-arrow'><\/div><div class='av-masonry-entry-content entry-content'  itemprop=\"text\" >Burano - Venezia<\/div><\/div><\/div><\/figcaption><\/figure><\/a><!--end av-masonry entry--><a href=\"https:\/\/www.villaalme.it\/wp-content\/uploads\/2016\/05\/caorle-santuario-della-madonna-dell-angelo-1030x677.jpg\" id='av-masonry-1-item-2955' data-av-masonry-item='2955' class='av-masonry-entry isotope-item post-2955 attachment type-attachment status-inherit hentry  av-masonry-item-with-image' title=\"caorle-santuario-della-madonna-dell-angelo\"  itemprop=\"thumbnailUrl\" ><div class='av-inner-masonry-sizer'><\/div><figure class='av-inner-masonry main_color'><div class=\"av-masonry-outerimage-container\"><div class=\"av-masonry-image-container\" style=\"background-image: url(https:\/\/www.villaalme.it\/wp-content\/uploads\/2016\/05\/caorle-santuario-della-madonna-dell-angelo-705x463.jpg);\" title=\"caorle-santuario-della-madonna-dell-angelo\" ><\/div><\/div><figcaption class='av-inner-masonry-content site-background'><div class='av-inner-masonry-content-pos'><div class='av-inner-masonry-content-pos-content'><div class='avia-arrow'><\/div><div class='av-masonry-entry-content entry-content'  itemprop=\"text\" >Caorle (Ve) a 40 km<\/div><\/div><\/div><\/figcaption><\/figure><\/a><!--end av-masonry entry--><a href=\"https:\/\/www.villaalme.it\/wp-content\/uploads\/2016\/06\/Schermata-2016-12-12-alle-20.44.47-1030x682.png\" id='av-masonry-1-item-2597' data-av-masonry-item='2597' class='av-masonry-entry isotope-item post-2597 attachment type-attachment status-inherit hentry  av-masonry-item-with-image' title=\"schermata-2016-12-12-alle-20-44-47\"  itemprop=\"thumbnailUrl\" ><div class='av-inner-masonry-sizer'><\/div><figure class='av-inner-masonry main_color'><div class=\"av-masonry-outerimage-container\"><div class=\"av-masonry-image-container\" style=\"background-image: url(https:\/\/www.villaalme.it\/wp-content\/uploads\/2016\/06\/Schermata-2016-12-12-alle-20.44.47-705x467.png);\" title=\"schermata-2016-12-12-alle-20-44-47\" ><\/div><\/div><figcaption class='av-inner-masonry-content site-background'><div class='av-inner-masonry-content-pos'><div class='av-inner-masonry-content-pos-content'><div class='avia-arrow'><\/div><div class='av-masonry-entry-content entry-content'  itemprop=\"text\" >Jesolo Lido (Ve) a 46 km<\/div><\/div><\/div><\/figcaption><\/figure><\/a><!--end av-masonry entry--><a href=\"https:\/\/www.villaalme.it\/wp-content\/uploads\/2016\/05\/castelfranco-veneto-mura-medioevali-1030x773.jpg\" id='av-masonry-1-item-2612' data-av-masonry-item='2612' class='av-masonry-entry isotope-item post-2612 attachment type-attachment status-inherit hentry  av-masonry-item-with-image' title=\"castelfranco-veneto-mura-medioevali\"  itemprop=\"thumbnailUrl\" ><div class='av-inner-masonry-sizer'><\/div><figure class='av-inner-masonry main_color'><div class=\"av-masonry-outerimage-container\"><div class=\"av-masonry-image-container\" style=\"background-image: url(https:\/\/www.villaalme.it\/wp-content\/uploads\/2016\/05\/castelfranco-veneto-mura-medioevali-705x529.jpg);\" title=\"castelfranco-veneto-mura-medioevali\" ><\/div><\/div><figcaption class='av-inner-masonry-content site-background'><div class='av-inner-masonry-content-pos'><div class='av-inner-masonry-content-pos-content'><div class='avia-arrow'><\/div><div class='av-masonry-entry-content entry-content'  itemprop=\"text\" >Castelfranco<\/div><\/div><\/div><\/figcaption><\/figure><\/a><!--end av-masonry entry--><a href=\"https:\/\/www.villaalme.it\/wp-content\/uploads\/2016\/06\/Schermata-2016-12-12-alle-20.46.52.png\" id='av-masonry-1-item-2599' data-av-masonry-item='2599' class='av-masonry-entry isotope-item post-2599 attachment type-attachment status-inherit hentry  av-masonry-item-with-image' title=\"schermata-2016-12-12-alle-20-46-52\"  itemprop=\"thumbnailUrl\" ><div class='av-inner-masonry-sizer'><\/div><figure class='av-inner-masonry main_color'><div class=\"av-masonry-outerimage-container\"><div class=\"av-masonry-image-container\" style=\"background-image: url(https:\/\/www.villaalme.it\/wp-content\/uploads\/2016\/06\/Schermata-2016-12-12-alle-20.46.52-705x467.png);\" title=\"schermata-2016-12-12-alle-20-46-52\" ><\/div><\/div><figcaption class='av-inner-masonry-content site-background'><div class='av-inner-masonry-content-pos'><div class='av-inner-masonry-content-pos-content'><div class='avia-arrow'><\/div><div class='av-masonry-entry-content entry-content'  itemprop=\"text\" >Le Dolomiti con i suoi impianti di risalita e piste da sci<\/div><\/div><\/div><\/figcaption><\/figure><\/a><!--end av-masonry entry--><a href=\"https:\/\/www.villaalme.it\/wp-content\/uploads\/2015\/12\/dintorni-villaalme-1030x687.jpg\" id='av-masonry-1-item-2939' data-av-masonry-item='2939' class='av-masonry-entry isotope-item post-2939 attachment type-attachment status-inherit hentry  av-masonry-item-with-image' title=\"dintorni-villaalme\"  itemprop=\"thumbnailUrl\" ><div class='av-inner-masonry-sizer'><\/div><figure class='av-inner-masonry main_color'><div class=\"av-masonry-outerimage-container\"><div class=\"av-masonry-image-container\" style=\"background-image: url(https:\/\/www.villaalme.it\/wp-content\/uploads\/2015\/12\/dintorni-villaalme-705x470.jpg);\" title=\"dintorni-villaalme\" ><\/div><\/div><figcaption class='av-inner-masonry-content site-background'><div class='av-inner-masonry-content-pos'><div class='av-inner-masonry-content-pos-content'><div class='avia-arrow'><\/div><div class='av-masonry-entry-content entry-content'  itemprop=\"text\" >Piazza dei Signori - Treviso<\/div><\/div><\/div><\/figcaption><\/figure><\/a><!--end av-masonry entry--><a href=\"https:\/\/www.villaalme.it\/wp-content\/uploads\/2016\/06\/Schermata-2016-12-12-alle-20.41.32-1030x777.png\" id='av-masonry-1-item-2596' data-av-masonry-item='2596' class='av-masonry-entry isotope-item post-2596 attachment type-attachment status-inherit hentry  av-masonry-item-with-image' title=\"schermata-2016-12-12-alle-20-41-32\"  itemprop=\"thumbnailUrl\" ><div class='av-inner-masonry-sizer'><\/div><figure class='av-inner-masonry main_color'><div class=\"av-masonry-outerimage-container\"><div class=\"av-masonry-image-container\" style=\"background-image: url(https:\/\/www.villaalme.it\/wp-content\/uploads\/2016\/06\/Schermata-2016-12-12-alle-20.41.32-705x532.png);\" title=\"schermata-2016-12-12-alle-20-41-32\" ><\/div><\/div><figcaption class='av-inner-masonry-content site-background'><div class='av-inner-masonry-content-pos'><div class='av-inner-masonry-content-pos-content'><div class='avia-arrow'><\/div><div class='av-masonry-entry-content entry-content'  itemprop=\"text\" >Villa Almerico Capra - La Rotonda (Vi) a 127 km<\/div><\/div><\/div><\/figcaption><\/figure><\/a><!--end av-masonry entry--><a href=\"https:\/\/www.villaalme.it\/wp-content\/uploads\/2016\/05\/bassano-ponte-degli-alpini-1030x772.jpg\" id='av-masonry-1-item-2953' data-av-masonry-item='2953' class='av-masonry-entry isotope-item post-2953 attachment type-attachment status-inherit hentry  av-masonry-item-with-image' title=\"bassano-ponte-degli-alpini\"  itemprop=\"thumbnailUrl\" ><div class='av-inner-masonry-sizer'><\/div><figure class='av-inner-masonry main_color'><div class=\"av-masonry-outerimage-container\"><div class=\"av-masonry-image-container\" style=\"background-image: url(https:\/\/www.villaalme.it\/wp-content\/uploads\/2016\/05\/bassano-ponte-degli-alpini-705x528.jpg);\" title=\"bassano-ponte-degli-alpini\" ><\/div><\/div><figcaption class='av-inner-masonry-content site-background'><div class='av-inner-masonry-content-pos'><div class='av-inner-masonry-content-pos-content'><div class='avia-arrow'><\/div><div class='av-masonry-entry-content entry-content'  itemprop=\"text\" >Bassano <\/div><\/div><\/div><\/figcaption><\/figure><\/a><!--end av-masonry entry--><a href=\"https:\/\/www.villaalme.it\/wp-content\/uploads\/2016\/06\/Schermata-2016-12-12-alle-20.48.22-1030x679.png\" id='av-masonry-1-item-2601' data-av-masonry-item='2601' class='av-masonry-entry isotope-item post-2601 attachment type-attachment status-inherit hentry  av-masonry-item-with-image' title=\"schermata-2016-12-12-alle-20-48-22\"  itemprop=\"thumbnailUrl\" ><div class='av-inner-masonry-sizer'><\/div><figure class='av-inner-masonry main_color'><div class=\"av-masonry-outerimage-container\"><div class=\"av-masonry-image-container\" style=\"background-image: url(https:\/\/www.villaalme.it\/wp-content\/uploads\/2016\/06\/Schermata-2016-12-12-alle-20.48.22-705x465.png);\" title=\"schermata-2016-12-12-alle-20-48-22\" ><\/div><\/div><figcaption class='av-inner-masonry-content site-background'><div class='av-inner-masonry-content-pos'><div class='av-inner-masonry-content-pos-content'><div class='avia-arrow'><\/div><div class='av-masonry-entry-content entry-content'  itemprop=\"text\" >Il Sile - Treviso<\/div><\/div><\/div><\/figcaption><\/figure><\/a><!--end av-masonry entry--><a href=\"https:\/\/www.villaalme.it\/wp-content\/uploads\/2016\/06\/Schermata-2016-12-12-alle-20.48.35-1030x475.png\" id='av-masonry-1-item-2602' data-av-masonry-item='2602' class='av-masonry-entry isotope-item post-2602 attachment type-attachment status-inherit hentry  av-masonry-item-with-image' title=\"schermata-2016-12-12-alle-20-48-35\"  itemprop=\"thumbnailUrl\" ><div class='av-inner-masonry-sizer'><\/div><figure class='av-inner-masonry main_color'><div class=\"av-masonry-outerimage-container\"><div class=\"av-masonry-image-container\" style=\"background-image: url(https:\/\/www.villaalme.it\/wp-content\/uploads\/2016\/06\/Schermata-2016-12-12-alle-20.48.35-705x325.png);\" title=\"schermata-2016-12-12-alle-20-48-35\" ><\/div><\/div><figcaption class='av-inner-masonry-content site-background'><div class='av-inner-masonry-content-pos'><div class='av-inner-masonry-content-pos-content'><div class='avia-arrow'><\/div><div class='av-masonry-entry-content entry-content'  itemprop=\"text\" >Veduta delle Tre Cime di Lavaredo (BL) a 140 km<\/div><\/div><\/div><\/figcaption><\/figure><\/a><!--end av-masonry entry--><a href=\"https:\/\/www.villaalme.it\/wp-content\/uploads\/2016\/06\/Schermata-2016-12-12-alle-20.49.05-1030x689.png\" id='av-masonry-1-item-2603' data-av-masonry-item='2603' class='av-masonry-entry isotope-item post-2603 attachment type-attachment status-inherit hentry  av-masonry-item-with-image' title=\"schermata-2016-12-12-alle-20-49-05\"  itemprop=\"thumbnailUrl\" ><div class='av-inner-masonry-sizer'><\/div><figure class='av-inner-masonry main_color'><div class=\"av-masonry-outerimage-container\"><div class=\"av-masonry-image-container\" style=\"background-image: url(https:\/\/www.villaalme.it\/wp-content\/uploads\/2016\/06\/Schermata-2016-12-12-alle-20.49.05-705x472.png);\" title=\"schermata-2016-12-12-alle-20-49-05\" ><\/div><\/div><figcaption class='av-inner-masonry-content site-background'><div class='av-inner-masonry-content-pos'><div class='av-inner-masonry-content-pos-content'><div class='avia-arrow'><\/div><div class='av-masonry-entry-content entry-content'  itemprop=\"text\" >Val Fiorentina, Selva di Cadore (BL) a 100 km<\/div><\/div><\/div><\/figcaption><\/figure><\/a><!--end av-masonry entry--><a href=\"https:\/\/www.villaalme.it\/wp-content\/uploads\/2016\/06\/Schermata-2016-12-12-alle-20.49.11-1030x631.png\" id='av-masonry-1-item-2604' data-av-masonry-item='2604' class='av-masonry-entry isotope-item post-2604 attachment type-attachment status-inherit hentry  av-masonry-item-with-image' title=\"schermata-2016-12-12-alle-20-49-11\"  itemprop=\"thumbnailUrl\" ><div class='av-inner-masonry-sizer'><\/div><figure class='av-inner-masonry main_color'><div class=\"av-masonry-outerimage-container\"><div class=\"av-masonry-image-container\" style=\"background-image: url(https:\/\/www.villaalme.it\/wp-content\/uploads\/2016\/06\/Schermata-2016-12-12-alle-20.49.11-705x432.png);\" title=\"schermata-2016-12-12-alle-20-49-11\" ><\/div><\/div><figcaption class='av-inner-masonry-content site-background'><div class='av-inner-masonry-content-pos'><div class='av-inner-masonry-content-pos-content'><div class='avia-arrow'><\/div><div class='av-masonry-entry-content entry-content'  itemprop=\"text\" >Canal Grande a Venezia<\/div><\/div><\/div><\/figcaption><\/figure><\/a><!--end av-masonry entry--><a href=\"https:\/\/www.villaalme.it\/wp-content\/uploads\/2016\/06\/Schermata-2016-12-12-alle-20.50.13-1030x496.png\" id='av-masonry-1-item-2605' data-av-masonry-item='2605' class='av-masonry-entry isotope-item post-2605 attachment type-attachment status-inherit hentry  av-masonry-item-with-image' title=\"schermata-2016-12-12-alle-20-50-13\"  itemprop=\"thumbnailUrl\" ><div class='av-inner-masonry-sizer'><\/div><figure class='av-inner-masonry main_color'><div class=\"av-masonry-outerimage-container\"><div class=\"av-masonry-image-container\" style=\"background-image: url(https:\/\/www.villaalme.it\/wp-content\/uploads\/2016\/06\/Schermata-2016-12-12-alle-20.50.13-e1481739069817-705x687.png);\" title=\"schermata-2016-12-12-alle-20-50-13\" ><\/div><\/div><figcaption class='av-inner-masonry-content site-background'><div class='av-inner-masonry-content-pos'><div class='av-inner-masonry-content-pos-content'><div class='avia-arrow'><\/div><div class='av-masonry-entry-content entry-content'  itemprop=\"text\" >Piazza San Marco - Venezia<\/div><\/div><\/div><\/figcaption><\/figure><\/a><!--end av-masonry entry--><a href=\"https:\/\/www.villaalme.it\/wp-content\/uploads\/2016\/06\/Schermata-2016-12-12-alle-20.48.44-1030x690.png\" id='av-masonry-1-item-2609' data-av-masonry-item='2609' class='av-masonry-entry isotope-item post-2609 attachment type-attachment status-inherit hentry  av-masonry-item-with-image' title=\"schermata-2016-12-12-alle-20-48-44\"  itemprop=\"thumbnailUrl\" ><div class='av-inner-masonry-sizer'><\/div><figure class='av-inner-masonry main_color'><div class=\"av-masonry-outerimage-container\"><div class=\"av-masonry-image-container\" style=\"background-image: url(https:\/\/www.villaalme.it\/wp-content\/uploads\/2016\/06\/Schermata-2016-12-12-alle-20.48.44-705x472.png);\" title=\"schermata-2016-12-12-alle-20-48-44\" ><\/div><\/div><figcaption class='av-inner-masonry-content site-background'><div class='av-inner-masonry-content-pos'><div class='av-inner-masonry-content-pos-content'><div class='avia-arrow'><\/div><div class='av-masonry-entry-content entry-content'  itemprop=\"text\" >Il Sile - Treviso<\/div><\/div><\/div><\/figcaption><\/figure><\/a><!--end av-masonry entry--><a href=\"https:\/\/www.villaalme.it\/wp-content\/uploads\/2016\/06\/Schermata-2016-12-15-alle-12.37.21-1030x665.png\" id='av-masonry-1-item-2610' data-av-masonry-item='2610' class='av-masonry-entry isotope-item post-2610 attachment type-attachment status-inherit hentry  av-masonry-item-with-image' title=\"schermata-2016-12-15-alle-12-37-21\"  itemprop=\"thumbnailUrl\" ><div class='av-inner-masonry-sizer'><\/div><figure class='av-inner-masonry main_color'><div class=\"av-masonry-outerimage-container\"><div class=\"av-masonry-image-container\" style=\"background-image: url(https:\/\/www.villaalme.it\/wp-content\/uploads\/2016\/06\/Schermata-2016-12-15-alle-12.37.21-705x455.png);\" title=\"schermata-2016-12-15-alle-12-37-21\" ><\/div><\/div><figcaption class='av-inner-masonry-content site-background'><div class='av-inner-masonry-content-pos'><div class='av-inner-masonry-content-pos-content'><div class='avia-arrow'><\/div><div class='av-masonry-entry-content entry-content'  itemprop=\"text\" >Isola di San Giorgio - Venezia a 70 km<\/div><\/div><\/div><\/figcaption><\/figure><\/a><!--end av-masonry entry--><a href=\"https:\/\/www.villaalme.it\/wp-content\/uploads\/2016\/06\/Schermata-2016-12-15-alle-12.37.08-1030x699.png\" id='av-masonry-1-item-2611' data-av-masonry-item='2611' class='av-masonry-entry isotope-item post-2611 attachment type-attachment status-inherit hentry  av-masonry-item-with-image' title=\"schermata-2016-12-15-alle-12-37-08\"  itemprop=\"thumbnailUrl\" ><div class='av-inner-masonry-sizer'><\/div><figure class='av-inner-masonry main_color'><div class=\"av-masonry-outerimage-container\"><div class=\"av-masonry-image-container\" style=\"background-image: url(https:\/\/www.villaalme.it\/wp-content\/uploads\/2016\/06\/Schermata-2016-12-15-alle-12.37.08-705x478.png);\" title=\"schermata-2016-12-15-alle-12-37-08\" ><\/div><\/div><figcaption class='av-inner-masonry-content site-background'><div class='av-inner-masonry-content-pos'><div class='av-inner-masonry-content-pos-content'><div class='avia-arrow'><\/div><div class='av-masonry-entry-content entry-content'  itemprop=\"text\" >Cortina d'Ampezzo (BL) a 110 km<\/div><\/div><\/div><\/figcaption><\/figure><\/a><!--end av-masonry entry--><\/div><\/div>\n<\/div><\/div><\/div>\n","protected":false},"excerpt":{"rendered":"","protected":false},"featured_media":2612,"comment_status":"closed","ping_status":"closed","template":"","tags":[],"portfolio_entries":[35],"_links":{"self":[{"href":"https:\/\/www.villaalme.it\/de\/wp-json\/wp\/v2\/portfolio\/2589"}],"collection":[{"href":"https:\/\/www.villaalme.it\/de\/wp-json\/wp\/v2\/portfolio"}],"about":[{"href":"https:\/\/www.villaalme.it\/de\/wp-json\/wp\/v2\/types\/portfolio"}],"replies":[{"embeddable":true,"href":"https:\/\/www.villaalme.it\/de\/wp-json\/wp\/v2\/comments?post=2589"}],"version-history":[{"count":0,"href":"https:\/\/www.villaalme.it\/de\/wp-json\/wp\/v2\/portfolio\/2589\/revisions"}],"wp:featuredmedia":[{"embeddable":true,"href":"https:\/\/www.villaalme.it\/de\/wp-json\/wp\/v2\/media\/2612"}],"wp:attachment":[{"href":"https:\/\/www.villaalme.it\/de\/wp-json\/wp\/v2\/media?parent=2589"}],"wp:term":[{"taxonomy":"post_tag","embeddable":true,"href":"https:\/\/www.villaalme.it\/de\/wp-json\/wp\/v2\/tags?post=2589"},{"taxonomy":"portfolio_entries","embeddable":true,"href":"https:\/\/www.villaalme.it\/de\/wp-json\/wp\/v2\/portfolio_entries?post=2589"}],"curies":[{"name":"wp","href":"https:\/\/api.w.org\/{rel}","templated":true}]}}