{"id":2585,"date":"2017-10-23T10:36:37","date_gmt":"2017-10-23T08:36:37","guid":{"rendered":"\/\/www.villaalme.it\/portfolio-item\/inmitten-der-natur\/"},"modified":"2017-12-15T11:39:20","modified_gmt":"2017-12-15T10:39:20","slug":"inmitten-der-natur","status":"publish","type":"portfolio","link":"https:\/\/www.villaalme.it\/de\/portfolio-item\/inmitten-der-natur\/","title":{"rendered":"Inmitten der Natur"},"content":{"rendered":"<div id='av_section_1'  class='avia-section main_color avia-section-default avia-no-shadow avia-bg-style-scroll  avia-builder-el-0  el_before_av_submenu  avia-builder-el-first   container_wrap sidebar_right' style='background-color: #f8f0d9;  '  ><div class='container' ><main  role=\"main\" itemprop=\"mainContentOfPage\"  class='template-page content  av-content-small alpha units'><div class='post-entry post-entry-type-page post-entry-2585'><div class='entry-content-wrapper clearfix'>\n<div class=\"flex_column av_one_half  flex_column_div av-zero-column-padding first  avia-builder-el-1  el_before_av_one_half  avia-builder-el-first  \" style='border-radius:0px; '><\/div><div class=\"flex_column av_one_half  flex_column_div av-zero-column-padding   avia-builder-el-3  el_after_av_one_half  avia-builder-el-last  \" style='border-radius:0px; '><section class=\"av_textblock_section \"  itemscope=\"itemscope\" itemtype=\"https:\/\/schema.org\/CreativeWork\" ><div class='avia_textblock  '   itemprop=\"text\" ><p>Unmittelbar jenseits der Tore der Villa Alm\u00e8 erfasst der Blick eine ausgedehnte Landschaft: In der Ferne die Kircht\u00fcrme alter Ortschaften, die dunklen Konturen der W\u00e4lder der Vizze, im Norden gr\u00fcne H\u00fcgel und Berge, im S\u00fcden eine Helligkeit, die das Meer erahnen l\u00e4sst. Es macht Spa\u00df, vielleicht mit dem Fahrrad, auf der Suche nach einer Vergangenheit, die n\u00e4her ist, als man meint, die umliegende Gegend zu erkunden.<\/p>\n<\/div><\/section><\/div>\n\n<\/div><\/div><\/main><!-- close content main element --><\/div><\/div><div class='clear'><\/div><div id='sub_menu1'  class='av-submenu-container main_color  avia-builder-el-5  el_after_av_section  el_before_av_layout_row  av-sticky-submenu av-switch-768 submenu-not-first container_wrap sidebar_right' style='  z-index:301' ><div class='container av-menu-mobile-active av-submenu-hidden'><a href='#' class='mobile_menu_toggle' aria-hidden='true' data-av_icon='\ue8a5' data-av_iconfont='entypo-fontello'><span class='av-current-placeholder'>Men\u00fc<\/span><\/a><ul id='av-custom-submenu-1' class='av-subnav-menu av-submenu-pos-center'>\n<li class='menu-item menu-item-top-level  menu-item-top-level-1'><a href='\/\/www.villaalme.it\/de\/portfolio-item\/die-familie\/' ><span class='avia-bullet'><\/span><span class='avia-menu-text'>Die Familie<\/span><\/a><\/li>\n<li class='menu-item menu-item-top-level  menu-item-top-level-2'><a href='\/?p=869' ><span class='avia-bullet'><\/span><span class='avia-menu-text'>Mansu\u00e9 und Umgebung<\/span><\/a><\/li>\n<li class='menu-item menu-item-top-level  menu-item-top-level-3'><a href='\/\/www.villaalme.it\/de\/portfolio-item\/inmitten-der-natur\/' ><span class='avia-bullet'><\/span><span class='avia-menu-text'>Inmitten der Natur<\/span><\/a><\/li>\n<li class='menu-item menu-item-top-level  menu-item-top-level-4'><a href='\/?p=870' ><span class='avia-bullet'><\/span><span class='avia-menu-text'>Venetien erkunden<\/span><\/a><\/li>\n<\/ul><\/div><\/div><div class='sticky_placeholder'><\/div>\n<div id='av-layout-grid-1'  class='av-layout-grid-container entry-content-wrapper main_color av-flex-cells     avia-builder-el-6  el_after_av_submenu  avia-builder-el-last  submenu-not-first container_wrap sidebar_right' style=' '  >\n<div class=\"flex_cell no_margin av_one_full  avia-builder-el-7  avia-builder-el-no-sibling   \" style='vertical-align:middle; '><div class='flex_cell_inner' ><div id='av-masonry-1' class='av-masonry  noHover av-fixed-size av-large-gap av-hover-overlay- av-masonry-animation-active av-masonry-col-3 av-caption-on-hover av-caption-style-overlay av-masonry-gallery     '  ><div class='av-masonry-container isotope av-js-disabled ' ><div class='av-masonry-entry isotope-item av-masonry-item-no-image '><\/div><a href=\"https:\/\/www.villaalme.it\/wp-content\/uploads\/2016\/05\/dolomiti-primavera-1030x688.jpg\" id='av-masonry-1-item-2959' data-av-masonry-item='2959' class='av-masonry-entry isotope-item post-2959 attachment type-attachment status-inherit hentry  av-masonry-item-with-image' title=\"dolomiti-primavera\"  itemprop=\"thumbnailUrl\" ><div class='av-inner-masonry-sizer'><\/div><figure class='av-inner-masonry main_color'><div class=\"av-masonry-outerimage-container\"><div class=\"av-masonry-image-container\" style=\"background-image: url(https:\/\/www.villaalme.it\/wp-content\/uploads\/2016\/05\/dolomiti-primavera-705x471.jpg);\" title=\"dolomiti-primavera\" ><\/div><\/div><figcaption class='av-inner-masonry-content site-background'><div class='av-inner-masonry-content-pos'><div class='av-inner-masonry-content-pos-content'><div class='avia-arrow'><\/div><div class='av-masonry-entry-content entry-content'  itemprop=\"text\" >Dolomiti d'estate<\/div><\/div><\/div><\/figcaption><\/figure><\/a><!--end av-masonry entry--><a href=\"https:\/\/www.villaalme.it\/wp-content\/uploads\/2016\/05\/fiume-Livenza-Pra-dei-Gai-1030x697.jpg\" id='av-masonry-1-item-2588' data-av-masonry-item='2588' class='av-masonry-entry isotope-item post-2588 attachment type-attachment status-inherit hentry  av-masonry-item-with-image' title=\"fiume-Livenza-Pra-dei-Gai\"  itemprop=\"thumbnailUrl\" ><div class='av-inner-masonry-sizer'><\/div><figure class='av-inner-masonry main_color'><div class=\"av-masonry-outerimage-container\"><div class=\"av-masonry-image-container\" style=\"background-image: url(https:\/\/www.villaalme.it\/wp-content\/uploads\/2016\/05\/fiume-Livenza-Pra-dei-Gai-705x477.jpg);\" title=\"fiume-Livenza-Pra-dei-Gai\" ><\/div><\/div><figcaption class='av-inner-masonry-content site-background'><div class='av-inner-masonry-content-pos'><div class='av-inner-masonry-content-pos-content'><div class='avia-arrow'><\/div><div class='av-masonry-entry-content entry-content'  itemprop=\"text\" >Le anse del Livenza<\/div><\/div><\/div><\/figcaption><\/figure><\/a><!--end av-masonry entry--><a href=\"https:\/\/www.villaalme.it\/wp-content\/uploads\/2016\/05\/fiume-rasego-villa-alme-1030x687.jpg\" id='av-masonry-1-item-2960' data-av-masonry-item='2960' class='av-masonry-entry isotope-item post-2960 attachment type-attachment status-inherit hentry  av-masonry-item-with-image' title=\"fiume-rasego-villa-alme\"  itemprop=\"thumbnailUrl\" ><div class='av-inner-masonry-sizer'><\/div><figure class='av-inner-masonry main_color'><div class=\"av-masonry-outerimage-container\"><div class=\"av-masonry-image-container\" style=\"background-image: url(https:\/\/www.villaalme.it\/wp-content\/uploads\/2016\/05\/fiume-rasego-villa-alme-705x470.jpg);\" title=\"fiume-rasego-villa-alme\" ><\/div><\/div><figcaption class='av-inner-masonry-content site-background'><div class='av-inner-masonry-content-pos'><div class='av-inner-masonry-content-pos-content'><div class='avia-arrow'><\/div><div class='av-masonry-entry-content entry-content'  itemprop=\"text\" >Rasego<\/div><\/div><\/div><\/figcaption><\/figure><\/a><!--end av-masonry entry--><a href=\"https:\/\/www.villaalme.it\/wp-content\/uploads\/2016\/05\/lavaredo-tre-cime-1030x480.jpg\" id='av-masonry-1-item-2961' data-av-masonry-item='2961' class='av-masonry-entry isotope-item post-2961 attachment type-attachment status-inherit hentry  av-masonry-item-with-image' title=\"lavaredo-tre-cime\"  itemprop=\"thumbnailUrl\" ><div class='av-inner-masonry-sizer'><\/div><figure class='av-inner-masonry main_color'><div class=\"av-masonry-outerimage-container\"><div class=\"av-masonry-image-container\" style=\"background-image: url(https:\/\/www.villaalme.it\/wp-content\/uploads\/2016\/05\/lavaredo-tre-cime-705x328.jpg);\" title=\"lavaredo-tre-cime\" ><\/div><\/div><figcaption class='av-inner-masonry-content site-background'><div class='av-inner-masonry-content-pos'><div class='av-inner-masonry-content-pos-content'><div class='avia-arrow'><\/div><div class='av-masonry-entry-content entry-content'  itemprop=\"text\" >Le tre cime di Lavaredo<\/div><\/div><\/div><\/figcaption><\/figure><\/a><!--end av-masonry entry--><a href=\"https:\/\/www.villaalme.it\/wp-content\/uploads\/2016\/03\/villa-alme-la-vigna-slider-3-1030x673.jpg\" id='av-masonry-1-item-2974' data-av-masonry-item='2974' class='av-masonry-entry isotope-item post-2974 attachment type-attachment status-inherit hentry  av-masonry-item-with-image' title=\"villa-alme-la-vigna-slider-3\"  itemprop=\"thumbnailUrl\" ><div class='av-inner-masonry-sizer'><\/div><figure class='av-inner-masonry main_color'><div class=\"av-masonry-outerimage-container\"><div class=\"av-masonry-image-container\" style=\"background-image: url(https:\/\/www.villaalme.it\/wp-content\/uploads\/2016\/03\/villa-alme-la-vigna-slider-3-705x461.jpg);\" title=\"villa-alme-la-vigna-slider-3\" ><\/div><\/div><figcaption class='av-inner-masonry-content site-background'><div class='av-inner-masonry-content-pos'><div class='av-inner-masonry-content-pos-content'><div class='avia-arrow'><\/div><div class='av-masonry-entry-content entry-content'  itemprop=\"text\" >Uno dei nostri vigneti<\/div><\/div><\/div><\/figcaption><\/figure><\/a><!--end av-masonry entry--><a href=\"https:\/\/www.villaalme.it\/wp-content\/uploads\/2016\/03\/villa-alme-la-vigna-slider-2-1030x673.jpg\" id='av-masonry-1-item-2973' data-av-masonry-item='2973' class='av-masonry-entry isotope-item post-2973 attachment type-attachment status-inherit hentry  av-masonry-item-with-image' title=\"villa-alme-la-vigna-slider-2\"  itemprop=\"thumbnailUrl\" ><div class='av-inner-masonry-sizer'><\/div><figure class='av-inner-masonry main_color'><div class=\"av-masonry-outerimage-container\"><div class=\"av-masonry-image-container\" style=\"background-image: url(https:\/\/www.villaalme.it\/wp-content\/uploads\/2016\/03\/villa-alme-la-vigna-slider-2-705x461.jpg);\" title=\"villa-alme-la-vigna-slider-2\" ><\/div><\/div><figcaption class='av-inner-masonry-content site-background'><div class='av-inner-masonry-content-pos'><div class='av-inner-masonry-content-pos-content'><div class='avia-arrow'><\/div><div class='av-masonry-entry-content entry-content'  itemprop=\"text\" >I vigneti con il bosco di Mansu\u00e8<\/div><\/div><\/div><\/figcaption><\/figure><\/a><!--end av-masonry entry--><a href=\"https:\/\/www.villaalme.it\/wp-content\/uploads\/2016\/06\/villa-alme-home-slider_1_veduta_aerea-1030x592.jpg\" id='av-masonry-1-item-2963' data-av-masonry-item='2963' class='av-masonry-entry isotope-item post-2963 attachment type-attachment status-inherit hentry  av-masonry-item-with-image' title=\"villa-alme-home-slider_1_veduta_aerea\"  itemprop=\"thumbnailUrl\" ><div class='av-inner-masonry-sizer'><\/div><figure class='av-inner-masonry main_color'><div class=\"av-masonry-outerimage-container\"><div class=\"av-masonry-image-container\" style=\"background-image: url(https:\/\/www.villaalme.it\/wp-content\/uploads\/2016\/06\/villa-alme-home-slider_1_veduta_aerea-705x405.jpg);\" title=\"villa-alme-home-slider_1_veduta_aerea\" ><\/div><\/div><figcaption class='av-inner-masonry-content site-background'><div class='av-inner-masonry-content-pos'><div class='av-inner-masonry-content-pos-content'><div class='avia-arrow'><\/div><div class='av-masonry-entry-content entry-content'  itemprop=\"text\" >Villa Alm\u00e8 foto aerea<\/div><\/div><\/div><\/figcaption><\/figure><\/a><!--end av-masonry entry--><a href=\"https:\/\/www.villaalme.it\/wp-content\/uploads\/2016\/05\/campomolino-di-guaiarine-vecchio-mulino-fiume-resteggia-1030x687.jpg\" id='av-masonry-1-item-2958' data-av-masonry-item='2958' class='av-masonry-entry isotope-item post-2958 attachment type-attachment status-inherit hentry  av-masonry-item-with-image' title=\"campomolino-di-guaiarine-vecchio-mulino-fiume-resteggia\"  itemprop=\"thumbnailUrl\" ><div class='av-inner-masonry-sizer'><\/div><figure class='av-inner-masonry main_color'><div class=\"av-masonry-outerimage-container\"><div class=\"av-masonry-image-container\" style=\"background-image: url(https:\/\/www.villaalme.it\/wp-content\/uploads\/2016\/05\/campomolino-di-guaiarine-vecchio-mulino-fiume-resteggia-705x470.jpg);\" title=\"campomolino-di-guaiarine-vecchio-mulino-fiume-resteggia\" ><\/div><\/div><figcaption class='av-inner-masonry-content site-background'><div class='av-inner-masonry-content-pos'><div class='av-inner-masonry-content-pos-content'><div class='avia-arrow'><\/div><div class='av-masonry-entry-content entry-content'  itemprop=\"text\" >Un vecchio mulino<\/div><\/div><\/div><\/figcaption><\/figure><\/a><!--end av-masonry entry--><a href=\"https:\/\/www.villaalme.it\/wp-content\/uploads\/2016\/05\/caorle-santuario-della-madonna-dell-angelo-1030x677.jpg\" id='av-masonry-1-item-2955' data-av-masonry-item='2955' class='av-masonry-entry isotope-item post-2955 attachment type-attachment status-inherit hentry  av-masonry-item-with-image' title=\"caorle-santuario-della-madonna-dell-angelo\"  itemprop=\"thumbnailUrl\" ><div class='av-inner-masonry-sizer'><\/div><figure class='av-inner-masonry main_color'><div class=\"av-masonry-outerimage-container\"><div class=\"av-masonry-image-container\" style=\"background-image: url(https:\/\/www.villaalme.it\/wp-content\/uploads\/2016\/05\/caorle-santuario-della-madonna-dell-angelo-705x463.jpg);\" title=\"caorle-santuario-della-madonna-dell-angelo\" ><\/div><\/div><figcaption class='av-inner-masonry-content site-background'><div class='av-inner-masonry-content-pos'><div class='av-inner-masonry-content-pos-content'><div class='avia-arrow'><\/div><div class='av-masonry-entry-content entry-content'  itemprop=\"text\" >Caorle (Ve) a 40 km<\/div><\/div><\/div><\/figcaption><\/figure><\/a><!--end av-masonry entry--><a href=\"https:\/\/www.villaalme.it\/wp-content\/uploads\/2016\/03\/bosco_villa_alme-1030x372.jpg\" id='av-masonry-1-item-2945' data-av-masonry-item='2945' class='av-masonry-entry isotope-item post-2945 attachment type-attachment status-inherit hentry  av-masonry-item-with-image' title=\"bosco_villa_alme\"  itemprop=\"thumbnailUrl\" ><div class='av-inner-masonry-sizer'><\/div><figure class='av-inner-masonry main_color'><div class=\"av-masonry-outerimage-container\"><div class=\"av-masonry-image-container\" style=\"background-image: url(https:\/\/www.villaalme.it\/wp-content\/uploads\/2016\/03\/bosco_villa_alme-705x254.jpg);\" title=\"bosco_villa_alme\" ><\/div><\/div><figcaption class='av-inner-masonry-content site-background'><div class='av-inner-masonry-content-pos'><div class='av-inner-masonry-content-pos-content'><div class='avia-arrow'><\/div><div class='av-masonry-entry-content entry-content'  itemprop=\"text\" >Il bosco di Mansu\u00e8<\/div><\/div><\/div><\/figcaption><\/figure><\/a><!--end av-masonry entry--><a href=\"https:\/\/www.villaalme.it\/wp-content\/uploads\/2015\/12\/slider_2_vista_cipressi-1030x592.jpg\" id='av-masonry-1-item-2941' data-av-masonry-item='2941' class='av-masonry-entry isotope-item post-2941 attachment type-attachment status-inherit hentry  av-masonry-item-with-image' title=\"slider_2_vista_cipressi\"  itemprop=\"thumbnailUrl\" ><div class='av-inner-masonry-sizer'><\/div><figure class='av-inner-masonry main_color'><div class=\"av-masonry-outerimage-container\"><div class=\"av-masonry-image-container\" style=\"background-image: url(https:\/\/www.villaalme.it\/wp-content\/uploads\/2015\/12\/slider_2_vista_cipressi-705x405.jpg);\" title=\"slider_2_vista_cipressi\" ><\/div><\/div><figcaption class='av-inner-masonry-content site-background'><div class='av-inner-masonry-content-pos'><div class='av-inner-masonry-content-pos-content'><div class='avia-arrow'><\/div><div class='av-masonry-entry-content entry-content'  itemprop=\"text\" >Veduta della Villa<\/div><\/div><\/div><\/figcaption><\/figure><\/a><!--end av-masonry entry--><a href=\"https:\/\/www.villaalme.it\/wp-content\/uploads\/2016\/03\/vigneti_villa-1030x500.jpg\" id='av-masonry-1-item-2921' data-av-masonry-item='2921' class='av-masonry-entry isotope-item post-2921 attachment type-attachment status-inherit hentry  av-masonry-item-with-image' title=\"vigneti_villa\"  itemprop=\"thumbnailUrl\" ><div class='av-inner-masonry-sizer'><\/div><figure class='av-inner-masonry main_color'><div class=\"av-masonry-outerimage-container\"><div class=\"av-masonry-image-container\" style=\"background-image: url(https:\/\/www.villaalme.it\/wp-content\/uploads\/2016\/03\/vigneti_villa-705x342.jpg);\" title=\"vigneti_villa\" ><\/div><\/div><figcaption class='av-inner-masonry-content site-background'><div class='av-inner-masonry-content-pos'><div class='av-inner-masonry-content-pos-content'><div class='avia-arrow'><\/div><div class='av-masonry-entry-content entry-content'  itemprop=\"text\" >Le colline di Conegliano<\/div><\/div><\/div><\/figcaption><\/figure><\/a><!--end av-masonry entry--><a href=\"https:\/\/www.villaalme.it\/wp-content\/uploads\/2016\/03\/piave-1030x772.jpg\" id='av-masonry-1-item-2916' data-av-masonry-item='2916' class='av-masonry-entry isotope-item post-2916 attachment type-attachment status-inherit hentry  av-masonry-item-with-image' title=\"piave\"  itemprop=\"thumbnailUrl\" ><div class='av-inner-masonry-sizer'><\/div><figure class='av-inner-masonry main_color'><div class=\"av-masonry-outerimage-container\"><div class=\"av-masonry-image-container\" style=\"background-image: url(https:\/\/www.villaalme.it\/wp-content\/uploads\/2016\/03\/piave-705x529.jpg);\" title=\"piave\" ><\/div><\/div><figcaption class='av-inner-masonry-content site-background'><div class='av-inner-masonry-content-pos'><div class='av-inner-masonry-content-pos-content'><div class='avia-arrow'><\/div><div class='av-masonry-entry-content entry-content'  itemprop=\"text\" >Il Piave<\/div><\/div><\/div><\/figcaption><\/figure><\/a><!--end av-masonry entry--><a href=\"https:\/\/www.villaalme.it\/wp-content\/uploads\/2016\/06\/Schermata-2016-12-12-alle-20.06.04-1030x686.png\" id='av-masonry-1-item-2586' data-av-masonry-item='2586' class='av-masonry-entry isotope-item post-2586 attachment type-attachment status-inherit hentry  av-masonry-item-with-image' title=\"schermata-2016-12-12-alle-20-06-04\"  itemprop=\"thumbnailUrl\" ><div class='av-inner-masonry-sizer'><\/div><figure class='av-inner-masonry main_color'><div class=\"av-masonry-outerimage-container\"><div class=\"av-masonry-image-container\" style=\"background-image: url(https:\/\/www.villaalme.it\/wp-content\/uploads\/2016\/06\/Schermata-2016-12-12-alle-20.06.04-705x470.png);\" title=\"schermata-2016-12-12-alle-20-06-04\" ><\/div><\/div><figcaption class='av-inner-masonry-content site-background'><div class='av-inner-masonry-content-pos'><div class='av-inner-masonry-content-pos-content'><div class='avia-arrow'><\/div><div class='av-masonry-entry-content entry-content'  itemprop=\"text\" >La terra tra il Piave e il Livenza<\/div><\/div><\/div><\/figcaption><\/figure><\/a><!--end av-masonry entry--><a href=\"https:\/\/www.villaalme.it\/wp-content\/uploads\/2016\/06\/Schermata-2016-12-12-alle-20.32.53.png\" id='av-masonry-1-item-2587' data-av-masonry-item='2587' class='av-masonry-entry isotope-item post-2587 attachment type-attachment status-inherit hentry  av-masonry-item-with-image' title=\"schermata-2016-12-12-alle-20-32-53\"  itemprop=\"thumbnailUrl\" ><div class='av-inner-masonry-sizer'><\/div><figure class='av-inner-masonry main_color'><div class=\"av-masonry-outerimage-container\"><div class=\"av-masonry-image-container\" style=\"background-image: url(https:\/\/www.villaalme.it\/wp-content\/uploads\/2016\/06\/Schermata-2016-12-12-alle-20.32.53-705x527.png);\" title=\"schermata-2016-12-12-alle-20-32-53\" ><\/div><\/div><figcaption class='av-inner-masonry-content site-background'><div class='av-inner-masonry-content-pos'><div class='av-inner-masonry-content-pos-content'><div class='avia-arrow'><\/div><div class='av-masonry-entry-content entry-content'  itemprop=\"text\" >Il fiume Rasego<\/div><\/div><\/div><\/figcaption><\/figure><\/a><!--end av-masonry entry--><\/div><\/div>\n<\/div><\/div><\/div>\n","protected":false},"excerpt":{"rendered":"","protected":false},"featured_media":2588,"comment_status":"closed","ping_status":"closed","template":"","tags":[],"portfolio_entries":[35],"_links":{"self":[{"href":"https:\/\/www.villaalme.it\/de\/wp-json\/wp\/v2\/portfolio\/2585"}],"collection":[{"href":"https:\/\/www.villaalme.it\/de\/wp-json\/wp\/v2\/portfolio"}],"about":[{"href":"https:\/\/www.villaalme.it\/de\/wp-json\/wp\/v2\/types\/portfolio"}],"replies":[{"embeddable":true,"href":"https:\/\/www.villaalme.it\/de\/wp-json\/wp\/v2\/comments?post=2585"}],"version-history":[{"count":0,"href":"https:\/\/www.villaalme.it\/de\/wp-json\/wp\/v2\/portfolio\/2585\/revisions"}],"wp:featuredmedia":[{"embeddable":true,"href":"https:\/\/www.villaalme.it\/de\/wp-json\/wp\/v2\/media\/2588"}],"wp:attachment":[{"href":"https:\/\/www.villaalme.it\/de\/wp-json\/wp\/v2\/media?parent=2585"}],"wp:term":[{"taxonomy":"post_tag","embeddable":true,"href":"https:\/\/www.villaalme.it\/de\/wp-json\/wp\/v2\/tags?post=2585"},{"taxonomy":"portfolio_entries","embeddable":true,"href":"https:\/\/www.villaalme.it\/de\/wp-json\/wp\/v2\/portfolio_entries?post=2585"}],"curies":[{"name":"wp","href":"https:\/\/api.w.org\/{rel}","templated":true}]}}