{"id":2710,"date":"2017-10-23T12:34:18","date_gmt":"2017-10-23T10:34:18","guid":{"rendered":"\/\/www.villaalme.it\/uber-uns\/"},"modified":"2019-12-24T18:31:47","modified_gmt":"2019-12-24T17:31:47","slug":"uber-uns","status":"publish","type":"page","link":"https:\/\/www.villaalme.it\/de\/uber-uns\/","title":{"rendered":"\u00dcber Uns"},"content":{"rendered":"<div id='av_section_1'  class='avia-section main_color avia-section-default avia-no-border-styling avia-bg-style-scroll  avia-builder-el-0  el_before_av_section  avia-builder-el-first   av-small-hide av-mini-hide container_wrap sidebar_right' style='background-repeat: no-repeat; background-image: url(https:\/\/www.villaalme.it\/wp-content\/uploads\/2019\/12\/simbolovillaalme_grigio-495x400.png);background-attachment: scroll; background-position: bottom right;  '  data-section-bg-repeat='no-repeat'><div class='container' ><main  role=\"main\" itemprop=\"mainContentOfPage\"  class='template-page content  av-content-small alpha units'><div class='post-entry post-entry-type-page post-entry-2710'><div class='entry-content-wrapper clearfix'>\n<div class='flex_column_table av-equal-height-column-flextable -flextable' ><div class=\"flex_column av_one_half  flex_column_table_cell av-equal-height-column av-align-middle av-zero-column-padding first  avia-builder-el-1  el_before_av_one_half  avia-builder-el-first  \" style='border-radius:0px; '><p><div  style='height:50px' class='hr hr-invisible   avia-builder-el-2  el_before_av_codeblock  avia-builder-el-first '><span class='hr-inner ' ><span class='hr-inner-style'><\/span><\/span><\/div><br \/>\n<br \/>\n<section class=\"av_textblock_section \"  itemscope=\"itemscope\" itemtype=\"https:\/\/schema.org\/CreativeWork\" ><div class='avia_textblock  '   itemprop=\"text\" ><p>\u201cEs macht mir Freude meine Liebe f\u00fcr diese alte, fruchtbare Gegend mit meinen G\u00e4sten zu teilen. Villa Alm\u00e9 entstand mit dieser Absicht. Mit der Absicht diejenigen, die noch nie in dieser Gegend gewesen sind, mit den uralten Traditionen eines Venetiens, das zum Teil noch unbekannt ist, aber im Laufe der Geschichte oft im Mittelpunkt des europ\u00e4ischen Geschehens gestanden hat, vertraut zu machen. Die Touren, die ich empfehlen k\u00f6nnte, sind unendlich viele und am Abend w\u00fcrde ich meine G\u00e4ste erwarten und bei ihrer R\u00fcckkehr mit einem guten Glas Wein begr\u00fc\u00dfen. Vielleicht um sich im Winter ein wenig vor dem offenen Kamin zu unterhalten oder um unter der Laube die lauen Sommerabende zu genie\u00dfen. Und am n\u00e4chsten Tag nach einer erholsamen Nacht, umgeben von der l\u00e4ndlichen Stille, weitere interessante Begegnungen, unerwartete Wunder, eindringliche Empfindungen\u2026\u201d<\/p>\n<\/div><\/section><br \/>\n<div  style='height:50px' class='hr hr-invisible   avia-builder-el-5  el_after_av_textblock  el_before_av_image '><span class='hr-inner ' ><span class='hr-inner-style'><\/span><\/span><\/div><br \/>\n<div  class='avia-image-container  av-styling-  noHover  av-overlay-hover-deactivate   avia-builder-el-6  el_after_av_hr  avia-builder-el-last  didascalia-bottom avia-align-center '  itemprop=\"image\" itemscope=\"itemscope\" itemtype=\"https:\/\/schema.org\/ImageObject\"  ><div class='avia-image-container-inner'><div class='avia-image-overlay-wrap'><div class='av-image-caption-overlay'><div class='av-caption-image-overlay-bg' style='opacity:0.4; '><\/div><div class='av-image-caption-overlay-position'><div class='av-image-caption-overlay-center' style='color:#ffffff; font-size:13px; '><p>Giuseppe Vizzotto e Renato De Noni<\/p>\n<\/div><\/div><\/div><img class='avia_image' src='https:\/\/www.villaalme.it\/wp-content\/uploads\/2016\/03\/VIZZDE-NONI-696x1030.jpg' alt='' title='VIZZ+DE-NONI' height=\"1030\" width=\"696\"  itemprop=\"thumbnailUrl\"  \/><\/div><\/div><\/div><\/p><\/div><div class='av-flex-placeholder'><\/div><div class=\"flex_column av_one_half  flex_column_table_cell av-equal-height-column av-align-middle av-zero-column-padding   avia-builder-el-7  el_after_av_one_half  el_before_av_one_half  \" style='border-radius:0px; '><p><div  class='avia-image-container  av-styling-    avia-builder-el-8  el_before_av_hr  avia-builder-el-first  didascalia-bottom avia-align-center '  itemprop=\"image\" itemscope=\"itemscope\" itemtype=\"https:\/\/schema.org\/ImageObject\"  ><div class='avia-image-container-inner'><div class='avia-image-overlay-wrap'><img class='avia_image' src='https:\/\/www.villaalme.it\/wp-content\/uploads\/2019\/12\/Schermata-2016-12-12-alle-22.47.jpg' alt='' title='Schermata-2016-12-12-alle-22.47' height=\"649\" width=\"532\"  itemprop=\"thumbnailUrl\"  \/><\/div><\/div><\/div><br \/>\n<div  style='height:50px' class='hr hr-invisible   avia-builder-el-9  el_after_av_image  el_before_av_textblock '><span class='hr-inner ' ><span class='hr-inner-style'><\/span><\/span><\/div><br \/>\n<section class=\"av_textblock_section \"  itemscope=\"itemscope\" itemtype=\"https:\/\/schema.org\/CreativeWork\" ><div class='avia_textblock  '   itemprop=\"text\" ><p>Zu Ehren meiner Frau Almerina taufte ich dieses herrliche Projekt Villa Alm\u00e9. Sie war es, die sich um die Auswahl der Einrichtung, der Objekte und der Stoffe gek\u00fcmmert hat. Die behagliche und harmonische Gesamtheit ist das Resultat ihres guten Geschmacks und der leidenschaftlichen Suche nach auf den Geist und die \u00c4sthetik der Villa abgestimmten Antiquit\u00e4ten.<\/p>\n<p>Hier dr\u00fcckt jedes Detail eine Erinnerung, eine Empfindung, ein Gef\u00fchl aus. Ich wollte, dass der gro\u00dfe Weinkeller, wie einst die Kirchen, ein Holzgew\u00f6lbe bekommt. Ich wollte einen Keller f\u00fcr die Lagerung, der aber auch eine gem\u00fctliche \u00d6rtlichkeit f\u00fcr die Verkostungen sein sollte. Ich wollte einen Verputz aus Opus signinum, wie man ihn in Venedig verwendete und ich wollte M\u00f6bel im Stil der typisch venezianischen Villen. Vor allem wollte ich Villa Alm\u00e9 zu einem Ort machen, in dem die Essenz dieser Gegend lebt und an dem man hervorragenden Wein bereitet, an dem man aber auch G\u00e4ste aus aller Welt willkommen hei\u00dft.<\/p>\n<p>Die Idee diejenigen, die von weit her kommen, mit meiner Welt vertraut zu machen, um ihnen wenigstens einen kleinen Teil der Liebe, die ich f\u00fcr diese Gegend empfinde, vermitteln zu k\u00f6nnen, hat mir immer gefallen.<\/p>\n<\/div><\/section><\/p><\/div><\/div><!--close column table wrapper. Autoclose: 1 --><div class='flex_column_table av-equal-height-column-flextable -flextable' ><div class=\"flex_column av_one_half  flex_column_table_cell av-equal-height-column av-align-middle av-zero-column-padding first  avia-builder-el-11  el_after_av_one_half  el_before_av_one_half  column-top-margin\" style='border-radius:0px; '><p><div  style='height:80px' class='hr hr-invisible   avia-builder-el-12  el_before_av_codeblock  avia-builder-el-first '><span class='hr-inner ' ><span class='hr-inner-style'><\/span><\/span><\/div><br \/>\n<br \/>\n<section class=\"av_textblock_section \"  itemscope=\"itemscope\" itemtype=\"https:\/\/schema.org\/CreativeWork\" ><div class='avia_textblock  '   itemprop=\"text\" ><p>Wie ein antikes Herrenhaus erhebt sich Villa Alm\u00e8 inmitten einer gr\u00fcnen Landschaft, durch die sich das klare Wasser des Flusses R\u00e0sego, ein Wasserlauf mit einem uralten Namen langobardischen Ursprungs, schl\u00e4ngelt. Die Architektur f\u00fcgt sich ausgesprochen gut in die Natur ein und bezeichnend sind die Folge der drei D\u00e4cher, der gro\u00dfe Laubengang und das warme Ziegelrot der W\u00e4nde.<\/p>\n<p>Im Inneren f\u00fchrt der gro\u00dfe Saal mit seiner vom Ende des 18. Jahrhunderts stammenden sp\u00e4tbarocken Atmosph\u00e4re, den warme T\u00e4felungen, Leuchter aus Muranoglas, kostbare Antiquit\u00e4ten und venezianische Terrazzo-Fu\u00dfb\u00f6den zieren, auf der einen Seite zu dem eleganten Salon mit einem offenen Kamin und zum anderen zu den imposanten R\u00e4umlichkeiten des Weinkellers mit seinen faszinierenden R\u00e4umen, in denen der Wein ausgebaut wird, reift und lagert.<\/p>\n<\/div><\/section><\/p><\/div><div class='av-flex-placeholder'><\/div><div class=\"flex_column av_one_half  flex_column_table_cell av-equal-height-column av-align-middle av-zero-column-padding   avia-builder-el-15  el_after_av_one_half  avia-builder-el-last  column-top-margin\" style='border-radius:0px; '><div  class='avia-image-container  av-styling-    avia-builder-el-16  avia-builder-el-no-sibling  didascalia-bottom avia-align-center '  itemprop=\"image\" itemscope=\"itemscope\" itemtype=\"https:\/\/schema.org\/ImageObject\"  ><div class='avia-image-container-inner'><div class='avia-image-overlay-wrap'><img class='avia_image' src='https:\/\/www.villaalme.it\/wp-content\/uploads\/2019\/12\/Schermata-2016-12-12-alle-20.05.jpg' alt='' title='Schermata-2016-12-12-alle-20.05' height=\"905\" width=\"1343\"  itemprop=\"thumbnailUrl\"  \/><\/div><\/div><\/div><\/div><\/div><!--close column table wrapper. Autoclose: 1 --><\/div><\/div><\/main><!-- close content main element --><\/div><\/div><div id='av_section_2'  class='avia-section main_color avia-section-default avia-no-border-styling avia-bg-style-scroll  avia-builder-el-17  el_after_av_section  el_before_av_section   av-desktop-hide av-medium-hide container_wrap sidebar_right' style='background-repeat: no-repeat; background-image: url(https:\/\/www.villaalme.it\/wp-content\/uploads\/2019\/12\/simbolovillaalme_grigio-495x400.png);background-attachment: scroll; background-position: bottom right;  '  data-section-bg-repeat='no-repeat'><div class='container' ><div class='template-page content  av-content-small alpha units'><div class='post-entry post-entry-type-page post-entry-2710'><div class='entry-content-wrapper clearfix'>\n<div class='flex_column_table av-equal-height-column-flextable -flextable' ><div class=\"flex_column av_one_half  flex_column_table_cell av-equal-height-column av-align-middle av-zero-column-padding first  avia-builder-el-18  el_before_av_one_half  avia-builder-el-first  \" style='border-radius:0px; '><p><br \/>\n<section class=\"av_textblock_section \"  itemscope=\"itemscope\" itemtype=\"https:\/\/schema.org\/CreativeWork\" ><div class='avia_textblock  '   itemprop=\"text\" ><p>\u201cEs macht mir Freude meine Liebe f\u00fcr diese alte, fruchtbare Gegend mit meinen G\u00e4sten zu teilen. Villa Alm\u00e9 entstand mit dieser Absicht. Mit der Absicht diejenigen, die noch nie in dieser Gegend gewesen sind, mit den uralten Traditionen eines Venetiens, das zum Teil noch unbekannt ist, aber im Laufe der Geschichte oft im Mittelpunkt des europ\u00e4ischen Geschehens gestanden hat, vertraut zu machen. Die Touren, die ich empfehlen k\u00f6nnte, sind unendlich viele und am Abend w\u00fcrde ich meine G\u00e4ste erwarten und bei ihrer R\u00fcckkehr mit einem guten Glas Wein begr\u00fc\u00dfen. Vielleicht um sich im Winter ein wenig vor dem offenen Kamin zu unterhalten oder um unter der Laube die lauen Sommerabende zu genie\u00dfen. Und am n\u00e4chsten Tag nach einer erholsamen Nacht, umgeben von der l\u00e4ndlichen Stille, weitere interessante Begegnungen, unerwartete Wunder, eindringliche Empfindungen\u2026\u201d<\/p>\n<\/div><\/section><br \/>\n<div  style='height:50px' class='hr hr-invisible   avia-builder-el-21  el_after_av_textblock  el_before_av_image '><span class='hr-inner ' ><span class='hr-inner-style'><\/span><\/span><\/div><br \/>\n<div  class='avia-image-container  av-styling-    avia-builder-el-22  el_after_av_hr  avia-builder-el-last  didascalia-bottom avia-align-center '  itemprop=\"image\" itemscope=\"itemscope\" itemtype=\"https:\/\/schema.org\/ImageObject\"  ><div class='avia-image-container-inner'><div class='avia-image-overlay-wrap'><img class='avia_image' src='https:\/\/www.villaalme.it\/wp-content\/uploads\/2019\/12\/Schermata-2016-12-12-alle-22.47.jpg' alt='' title='Schermata-2016-12-12-alle-22.47' height=\"649\" width=\"532\"  itemprop=\"thumbnailUrl\"  \/><\/div><\/div><\/div><\/p><\/div><div class='av-flex-placeholder'><\/div><div class=\"flex_column av_one_half  flex_column_table_cell av-equal-height-column av-align-middle av-zero-column-padding   avia-builder-el-23  el_after_av_one_half  el_before_av_one_half  \" style='border-radius:0px; '><p><div  style='height:50px' class='hr hr-invisible   avia-builder-el-24  el_before_av_textblock  avia-builder-el-first '><span class='hr-inner ' ><span class='hr-inner-style'><\/span><\/span><\/div><br \/>\n<section class=\"av_textblock_section \"  itemscope=\"itemscope\" itemtype=\"https:\/\/schema.org\/CreativeWork\" ><div class='avia_textblock  '   itemprop=\"text\" ><p>Zu Ehren meiner Frau Almerina taufte ich dieses herrliche Projekt Villa Alm\u00e9. Sie war es, die sich um die Auswahl der Einrichtung, der Objekte und der Stoffe gek\u00fcmmert hat. Die behagliche und harmonische Gesamtheit ist das Resultat ihres guten Geschmacks und der leidenschaftlichen Suche nach auf den Geist und die \u00c4sthetik der Villa abgestimmten Antiquit\u00e4ten.<\/p>\n<p>Hier dr\u00fcckt jedes Detail eine Erinnerung, eine Empfindung, ein Gef\u00fchl aus. Ich wollte, dass der gro\u00dfe Weinkeller, wie einst die Kirchen, ein Holzgew\u00f6lbe bekommt. Ich wollte einen Keller f\u00fcr die Lagerung, der aber auch eine gem\u00fctliche \u00d6rtlichkeit f\u00fcr die Verkostungen sein sollte. Ich wollte einen Verputz aus Opus signinum, wie man ihn in Venedig verwendete und ich wollte M\u00f6bel im Stil der typisch venezianischen Villen. Vor allem wollte ich Villa Alm\u00e9 zu einem Ort machen, in dem die Essenz dieser Gegend lebt und an dem man hervorragenden Wein bereitet, an dem man aber auch G\u00e4ste aus aller Welt willkommen hei\u00dft.<\/p>\n<p>Die Idee diejenigen, die von weit her kommen, mit meiner Welt vertraut zu machen, um ihnen wenigstens einen kleinen Teil der Liebe, die ich f\u00fcr diese Gegend empfinde, vermitteln zu k\u00f6nnen, hat mir immer gefallen.<\/p>\n<\/div><\/section><br \/>\n<div  class='avia-image-container  av-styling-  noHover  av-overlay-hover-deactivate   avia-builder-el-26  el_after_av_textblock  avia-builder-el-last  didascalia-bottom avia-align-center '  itemprop=\"image\" itemscope=\"itemscope\" itemtype=\"https:\/\/schema.org\/ImageObject\"  ><div class='avia-image-container-inner'><div class='avia-image-overlay-wrap'><div class='av-image-caption-overlay'><div class='av-caption-image-overlay-bg' style='opacity:0.4; '><\/div><div class='av-image-caption-overlay-position'><div class='av-image-caption-overlay-center' style='color:#ffffff; font-size:13px; '><p>Giuseppe Vizzotto e Renato De Noni<\/p>\n<\/div><\/div><\/div><img class='avia_image' src='https:\/\/www.villaalme.it\/wp-content\/uploads\/2016\/03\/VIZZDE-NONI-696x1030.jpg' alt='' title='VIZZ+DE-NONI' height=\"1030\" width=\"696\"  itemprop=\"thumbnailUrl\"  \/><\/div><\/div><\/div><\/p><\/div><\/div><!--close column table wrapper. Autoclose: 1 --><div class='flex_column_table av-equal-height-column-flextable -flextable' ><div class=\"flex_column av_one_half  flex_column_table_cell av-equal-height-column av-align-middle av-zero-column-padding first  avia-builder-el-27  el_after_av_one_half  el_before_av_one_half  column-top-margin\" style='border-radius:0px; '><p><div  style='height:80px' class='hr hr-invisible   avia-builder-el-28  el_before_av_codeblock  avia-builder-el-first '><span class='hr-inner ' ><span class='hr-inner-style'><\/span><\/span><\/div><br \/>\n<br \/>\n<section class=\"av_textblock_section \"  itemscope=\"itemscope\" itemtype=\"https:\/\/schema.org\/CreativeWork\" ><div class='avia_textblock  '   itemprop=\"text\" ><p>Wie ein antikes Herrenhaus erhebt sich Villa Alm\u00e8 inmitten einer gr\u00fcnen Landschaft, durch die sich das klare Wasser des Flusses R\u00e0sego, ein Wasserlauf mit einem uralten Namen langobardischen Ursprungs, schl\u00e4ngelt. Die Architektur f\u00fcgt sich ausgesprochen gut in die Natur ein und bezeichnend sind die Folge der drei D\u00e4cher, der gro\u00dfe Laubengang und das warme Ziegelrot der W\u00e4nde.<\/p>\n<p>Im Inneren f\u00fchrt der gro\u00dfe Saal mit seiner vom Ende des 18. Jahrhunderts stammenden sp\u00e4tbarocken Atmosph\u00e4re, den warme T\u00e4felungen, Leuchter aus Muranoglas, kostbare Antiquit\u00e4ten und venezianische Terrazzo-Fu\u00dfb\u00f6den zieren, auf der einen Seite zu dem eleganten Salon mit einem offenen Kamin und zum anderen zu den imposanten R\u00e4umlichkeiten des Weinkellers mit seinen faszinierenden R\u00e4umen, in denen der Wein ausgebaut wird, reift und lagert.<\/p>\n<\/div><\/section><\/p><\/div><div class='av-flex-placeholder'><\/div><div class=\"flex_column av_one_half  flex_column_table_cell av-equal-height-column av-align-middle av-zero-column-padding   avia-builder-el-31  el_after_av_one_half  avia-builder-el-last  column-top-margin\" style='border-radius:0px; '><div  class='avia-image-container  av-styling-    avia-builder-el-32  avia-builder-el-no-sibling  didascalia-bottom avia-align-center '  itemprop=\"image\" itemscope=\"itemscope\" itemtype=\"https:\/\/schema.org\/ImageObject\"  ><div class='avia-image-container-inner'><div class='avia-image-overlay-wrap'><img class='avia_image' src='https:\/\/www.villaalme.it\/wp-content\/uploads\/2019\/12\/Schermata-2016-12-12-alle-20.05.jpg' alt='' title='Schermata-2016-12-12-alle-20.05' height=\"905\" width=\"1343\"  itemprop=\"thumbnailUrl\"  \/><\/div><\/div><\/div><\/div><\/div><!--close column table wrapper. Autoclose: 1 --><\/div><\/div><\/div><!-- close content main div --><\/div><\/div><div id='av_section_3'  class='avia-section main_color avia-section-no-padding avia-no-border-styling avia-bg-style-scroll  avia-builder-el-33  el_after_av_section  avia-builder-el-last   container_wrap sidebar_right' style=' '  ><div class='container' ><div class='template-page content  av-content-small alpha units'><div class='post-entry post-entry-type-page post-entry-2710'><div class='entry-content-wrapper clearfix'>\n\t\t\t<!-- START chisiamo2 REVOLUTION SLIDER 6.6.16 --><p class=\"rs-p-wp-fix\"><\/p>\n\t\t\t<rs-module-wrap id=\"rev_slider_12_1_wrapper\" data-source=\"gallery\" style=\"visibility:hidden;background:transparent;padding:0;margin:0px auto;margin-top:0;margin-bottom:0;\">\n\t\t\t\t<rs-module id=\"rev_slider_12_1\" style=\"\" data-version=\"6.6.16\">\n\t\t\t\t\t<rs-slides style=\"overflow: hidden; position: absolute;\">\n\t\t\t\t\t\t<rs-slide style=\"position: absolute;\" data-key=\"rs-50\" data-title=\"Slide\" data-anim=\"r:0;\" data-in=\"o:0;\" data-out=\"a:false;\">\n\t\t\t\t\t\t\t<img src=\"\/\/www.villaalme.it\/wp-content\/plugins\/revslider\/public\/assets\/assets\/dummy.png\" alt=\"\" title=\"chisiamo\" width=\"2500\" height=\"771\" class=\"rev-slidebg tp-rs-img rs-lazyload\" data-lazyload=\"\/\/www.villaalme.it\/wp-content\/uploads\/2019\/12\/chisiamo.jpg\" data-parallax=\"off\" data-no-retina>\n<!---->\t\t\t\t\t\t<\/rs-slide>\n\t\t\t\t\t<\/rs-slides>\n\t\t\t\t<\/rs-module>\n\t\t\t\t<script>\n\t\t\t\t\tsetREVStartSize({c: 'rev_slider_12_1',rl:[1240,1024,778,480],el:[771],gw:[2500],gh:[771],type:'standard',justify:'',layout:'fullwidth',mh:\"0\"});if (window.RS_MODULES!==undefined && window.RS_MODULES.modules!==undefined && window.RS_MODULES.modules[\"revslider121\"]!==undefined) {window.RS_MODULES.modules[\"revslider121\"].once = false;window.revapi12 = undefined;if (window.RS_MODULES.checkMinimal!==undefined) window.RS_MODULES.checkMinimal()}\n\t\t\t\t<\/script>\n\t\t\t<\/rs-module-wrap>\n\t\t\t<!-- END REVOLUTION SLIDER -->\n<\/div><\/div><\/div><!-- close content main div --><\/div><\/div><div id='after_section_3'  class='main_color av_default_container_wrap container_wrap sidebar_right' style=' '  ><div class='container' ><div class='template-page content  av-content-small alpha units'><div class='post-entry post-entry-type-page post-entry-2710'><div class='entry-content-wrapper clearfix'><\/p>\n","protected":false},"excerpt":{"rendered":"","protected":false},"author":2,"featured_media":0,"parent":0,"menu_order":0,"comment_status":"closed","ping_status":"closed","template":"","meta":{"footnotes":""},"_links":{"self":[{"href":"https:\/\/www.villaalme.it\/de\/wp-json\/wp\/v2\/pages\/2710"}],"collection":[{"href":"https:\/\/www.villaalme.it\/de\/wp-json\/wp\/v2\/pages"}],"about":[{"href":"https:\/\/www.villaalme.it\/de\/wp-json\/wp\/v2\/types\/page"}],"author":[{"embeddable":true,"href":"https:\/\/www.villaalme.it\/de\/wp-json\/wp\/v2\/users\/2"}],"replies":[{"embeddable":true,"href":"https:\/\/www.villaalme.it\/de\/wp-json\/wp\/v2\/comments?post=2710"}],"version-history":[{"count":0,"href":"https:\/\/www.villaalme.it\/de\/wp-json\/wp\/v2\/pages\/2710\/revisions"}],"wp:attachment":[{"href":"https:\/\/www.villaalme.it\/de\/wp-json\/wp\/v2\/media?parent=2710"}],"curies":[{"name":"wp","href":"https:\/\/api.w.org\/{rel}","templated":true}]}}